{"id":1948,"date":"2022-02-24T11:44:11","date_gmt":"2022-02-24T10:44:11","guid":{"rendered":"https:\/\/www.bremer-promenaden.de\/paula-modersohn-becker-pioniera-del-modernismo-in-germania\/"},"modified":"2026-01-07T11:28:14","modified_gmt":"2026-01-07T10:28:14","slug":"paula-modersohn-becker-pioniera-del-modernismo-in-germania","status":"publish","type":"page","link":"https:\/\/www.bremer-promenaden.de\/it\/paula-modersohn-becker-pioniera-del-modernismo-in-germania\/","title":{"rendered":"Paula Modersohn-Becker, pioniera del modernismo in Germania"},"content":{"rendered":"<div id='full_slider_1'  class='avia-fullwidth-slider main_color avia-shadow   avia-builder-el-0  el_before_av_one_full  avia-builder-el-first   container_wrap fullsize'  ><div  class='avia-slideshow av-ktvfg9d3-f14356a6857fb735fdbab31b295bb9f6 avia-slideshow-featured av_slideshow_full avia-slide-slider av-slideshow-ui av-control-default av-slideshow-autoplay av-loop-endless av-loop-manual-endless av-default-height-applied   avia-slideshow-1' data-slideshow-options=\"{&quot;animation&quot;:&quot;slide&quot;,&quot;autoplay&quot;:true,&quot;loop_autoplay&quot;:&quot;endless&quot;,&quot;interval&quot;:5,&quot;loop_manual&quot;:&quot;manual-endless&quot;,&quot;autoplay_stopper&quot;:false,&quot;noNavigation&quot;:false,&quot;bg_slider&quot;:false,&quot;keep_padding&quot;:false,&quot;hoverpause&quot;:false,&quot;show_slide_delay&quot;:0}\"  itemprop=\"image\" itemscope=\"itemscope\" itemtype=\"https:\/\/schema.org\/ImageObject\" ><ul class='avia-slideshow-inner ' style='padding-bottom: 28.666666666667%;'><li  class='avia-slideshow-slide av-ktvfg9d3-f14356a6857fb735fdbab31b295bb9f6__0  slide-1 slide-odd'><div data-rel='slideshow-1' class='avia-slide-wrap '   ><img decoding=\"async\" fetchpriority=\"high\" class=\"wp-image-1608 avia-img-lazy-loading-not-1608\"  src=\"https:\/\/www.bremer-promenaden.de\/wp-content\/uploads\/2021\/09\/20170816-151036-1500x430.jpg\" width=\"1500\" height=\"430\" title='20170816-151036' alt=''  itemprop=\"thumbnailUrl\" srcset=\"https:\/\/www.bremer-promenaden.de\/wp-content\/uploads\/2021\/09\/20170816-151036.jpg 1500w, https:\/\/www.bremer-promenaden.de\/wp-content\/uploads\/2021\/09\/20170816-151036-300x86.jpg 300w, https:\/\/www.bremer-promenaden.de\/wp-content\/uploads\/2021\/09\/20170816-151036-1030x295.jpg 1030w, https:\/\/www.bremer-promenaden.de\/wp-content\/uploads\/2021\/09\/20170816-151036-768x220.jpg 768w, https:\/\/www.bremer-promenaden.de\/wp-content\/uploads\/2021\/09\/20170816-151036-705x202.jpg 705w\" sizes=\"(max-width: 1500px) 100vw, 1500px\" \/><\/div><\/li><li  class='avia-slideshow-slide av-ktvfg9d3-f14356a6857fb735fdbab31b295bb9f6__1  slide-2 slide-even'><div data-rel='slideshow-1' class='avia-slide-wrap '   ><img decoding=\"async\" fetchpriority=\"high\" class=\"wp-image-1616 avia-img-lazy-loading-not-1616\"  src=\"https:\/\/www.bremer-promenaden.de\/wp-content\/uploads\/2021\/09\/DSCN4006-1500x430.jpg\" width=\"1500\" height=\"430\" title='DSCN4006' alt=''  itemprop=\"thumbnailUrl\" srcset=\"https:\/\/www.bremer-promenaden.de\/wp-content\/uploads\/2021\/09\/DSCN4006.jpg 1500w, https:\/\/www.bremer-promenaden.de\/wp-content\/uploads\/2021\/09\/DSCN4006-300x86.jpg 300w, https:\/\/www.bremer-promenaden.de\/wp-content\/uploads\/2021\/09\/DSCN4006-1030x295.jpg 1030w, https:\/\/www.bremer-promenaden.de\/wp-content\/uploads\/2021\/09\/DSCN4006-768x220.jpg 768w, https:\/\/www.bremer-promenaden.de\/wp-content\/uploads\/2021\/09\/DSCN4006-705x202.jpg 705w\" sizes=\"(max-width: 1500px) 100vw, 1500px\" \/><\/div><\/li><li  class='avia-slideshow-slide av-ktvfg9d3-f14356a6857fb735fdbab31b295bb9f6__2  slide-3 slide-odd'><div data-rel='slideshow-1' class='avia-slide-wrap '   ><img decoding=\"async\" fetchpriority=\"high\" class=\"wp-image-1604 avia-img-lazy-loading-not-1604\"  src=\"https:\/\/www.bremer-promenaden.de\/wp-content\/uploads\/2021\/09\/20170815-192110-1500x430.jpg\" width=\"1500\" height=\"430\" title='20170815-192110' alt=''  itemprop=\"thumbnailUrl\" srcset=\"https:\/\/www.bremer-promenaden.de\/wp-content\/uploads\/2021\/09\/20170815-192110.jpg 1500w, https:\/\/www.bremer-promenaden.de\/wp-content\/uploads\/2021\/09\/20170815-192110-300x86.jpg 300w, https:\/\/www.bremer-promenaden.de\/wp-content\/uploads\/2021\/09\/20170815-192110-1030x295.jpg 1030w, https:\/\/www.bremer-promenaden.de\/wp-content\/uploads\/2021\/09\/20170815-192110-768x220.jpg 768w, https:\/\/www.bremer-promenaden.de\/wp-content\/uploads\/2021\/09\/20170815-192110-705x202.jpg 705w\" sizes=\"(max-width: 1500px) 100vw, 1500px\" \/><\/div><\/li><li  class='avia-slideshow-slide av-ktvfg9d3-f14356a6857fb735fdbab31b295bb9f6__3  slide-4 slide-even'><div data-rel='slideshow-1' class='avia-slide-wrap '   ><img decoding=\"async\" fetchpriority=\"high\" class=\"wp-image-1620 avia-img-lazy-loading-not-1620\"  src=\"https:\/\/www.bremer-promenaden.de\/wp-content\/uploads\/2021\/09\/DSCN4017-1500x430.jpg\" width=\"1500\" height=\"430\" title='DSCN4017' alt=''  itemprop=\"thumbnailUrl\" srcset=\"https:\/\/www.bremer-promenaden.de\/wp-content\/uploads\/2021\/09\/DSCN4017.jpg 1500w, https:\/\/www.bremer-promenaden.de\/wp-content\/uploads\/2021\/09\/DSCN4017-300x86.jpg 300w, https:\/\/www.bremer-promenaden.de\/wp-content\/uploads\/2021\/09\/DSCN4017-1030x295.jpg 1030w, https:\/\/www.bremer-promenaden.de\/wp-content\/uploads\/2021\/09\/DSCN4017-768x220.jpg 768w, https:\/\/www.bremer-promenaden.de\/wp-content\/uploads\/2021\/09\/DSCN4017-705x202.jpg 705w\" sizes=\"(max-width: 1500px) 100vw, 1500px\" \/><\/div><\/li><li  class='avia-slideshow-slide av-ktvfg9d3-f14356a6857fb735fdbab31b295bb9f6__4  slide-5 slide-odd'><div data-rel='slideshow-1' class='avia-slide-wrap '   ><img decoding=\"async\" fetchpriority=\"high\" class=\"wp-image-1612 avia-img-lazy-loading-not-1612\"  src=\"https:\/\/www.bremer-promenaden.de\/wp-content\/uploads\/2021\/09\/DSCN3998-1500x430.jpg\" width=\"1500\" height=\"430\" title='DSCN3998' alt=''  itemprop=\"thumbnailUrl\" srcset=\"https:\/\/www.bremer-promenaden.de\/wp-content\/uploads\/2021\/09\/DSCN3998.jpg 1500w, https:\/\/www.bremer-promenaden.de\/wp-content\/uploads\/2021\/09\/DSCN3998-300x86.jpg 300w, https:\/\/www.bremer-promenaden.de\/wp-content\/uploads\/2021\/09\/DSCN3998-1030x295.jpg 1030w, https:\/\/www.bremer-promenaden.de\/wp-content\/uploads\/2021\/09\/DSCN3998-768x220.jpg 768w, https:\/\/www.bremer-promenaden.de\/wp-content\/uploads\/2021\/09\/DSCN3998-705x202.jpg 705w\" sizes=\"(max-width: 1500px) 100vw, 1500px\" \/><\/div><\/li><\/ul><div class='avia-slideshow-arrows avia-slideshow-controls' ><a href='#prev' class='prev-slide  avia-svg-icon avia-font-svg_entypo-fontello' data-av_svg_icon='left-open-big' data-av_iconset='svg_entypo-fontello' tabindex='-1' title=\"Prec\"><svg version=\"1.1\" xmlns=\"http:\/\/www.w3.org\/2000\/svg\" width=\"15\" height=\"32\" viewBox=\"0 0 15 32\" preserveAspectRatio=\"xMidYMid meet\" aria-labelledby='av-svg-title-1' aria-describedby='av-svg-desc-1' role=\"graphics-symbol\" aria-hidden=\"true\">\n<title id='av-svg-title-1'>Prec<\/title>\n<desc id='av-svg-desc-1'>Prec<\/desc>\n<path d=\"M14.464 27.84q0.832 0.832 0 1.536-0.832 0.832-1.536 0l-12.544-12.608q-0.768-0.768 0-1.6l12.544-12.608q0.704-0.832 1.536 0 0.832 0.704 0 1.536l-11.456 11.904z\"><\/path>\n<\/svg><span class='avia_hidden_link_text'>Prec<\/span><\/a><a href='#next' class='next-slide  avia-svg-icon avia-font-svg_entypo-fontello' data-av_svg_icon='right-open-big' data-av_iconset='svg_entypo-fontello' tabindex='-1' title=\"Succ\"><svg version=\"1.1\" xmlns=\"http:\/\/www.w3.org\/2000\/svg\" width=\"15\" height=\"32\" viewBox=\"0 0 15 32\" preserveAspectRatio=\"xMidYMid meet\" aria-labelledby='av-svg-title-2' aria-describedby='av-svg-desc-2' role=\"graphics-symbol\" aria-hidden=\"true\">\n<title id='av-svg-title-2'>Succ<\/title>\n<desc id='av-svg-desc-2'>Succ<\/desc>\n<path d=\"M0.416 27.84l11.456-11.84-11.456-11.904q-0.832-0.832 0-1.536 0.832-0.832 1.536 0l12.544 12.608q0.768 0.832 0 1.6l-12.544 12.608q-0.704 0.832-1.536 0-0.832-0.704 0-1.536z\"><\/path>\n<\/svg><span class='avia_hidden_link_text'>Succ<\/span><\/a><\/div><div class='avia-slideshow-dots avia-slideshow-controls'><a href='#1' class='goto-slide active' >1<\/a><a href='#2' class='goto-slide ' >2<\/a><a href='#3' class='goto-slide ' >3<\/a><a href='#4' class='goto-slide ' >4<\/a><a href='#5' class='goto-slide ' >5<\/a><\/div><\/div><\/div><div id='after_full_slider_1'  class='main_color av_default_container_wrap container_wrap fullsize'  ><div class='container av-section-cont-open' ><div class='template-page content  av-content-full alpha units'><div class='post-entry post-entry-type-page post-entry-1948'><div class='entry-content-wrapper clearfix'>\n<div  class='flex_column av-2xih22-1129d8056468a12facc400c6d48e3718 av_one_full  avia-builder-el-1  el_after_av_slideshow_full  avia-builder-el-no-sibling  first flex_column_div  '     ><section  class='av_textblock_section av-ktvfcwrk-492761a56c991e6f42bdac4700c827e4 '   itemscope=\"itemscope\" itemtype=\"https:\/\/schema.org\/CreativeWork\" ><div class='avia_textblock'  itemprop=\"text\" ><h1>Paula Modersohn-Becker, pioniera del modernismo in Germania<\/h1>\n<p>Paula Modersohn-Becker \u00e8 oggi la pittrice pi\u00f9 conosciuta della <a href=\"https:\/\/www.bremer-promenaden.de\/it\/scoprire-worpswede-il-villaggio-degli-artisti\/\">colonia di artisti di Worpswede<\/a>. Cresciuta a Brema, si \u00e8 formata come pittrice a Berlino e Worpswede. L\u00ec ha sviluppato il suo stile di pittura, che era insolito per l&#8217;epoca.<\/p>\n<p>Nel 1899 Paula espose insieme agli altri pittori di Worpswede alla Kunsthalle di Brema. Dopo una recensione sprezzante, rimosse i suoi dipinti e si rec\u00f2 a Parigi. L\u00ec si avvicin\u00f2 alle opere di C\u00e9zanne, visit\u00f2 il Louvre e la pittura moderna all&#8217;Esposizione Universale &#8230;.<\/p>\n<p>Anche dopo il suo matrimonio con il pittore Otto Modersohn, and\u00f2 a Parigi pi\u00f9 volte per studiare &#8211; un comportamento insolito all\u2019epoca per una giovane donna. Ci\u00f2 che vide a Parigi la influenz\u00f2 fortemente e caus\u00f2 in lei una frenesia creativa. Solo le preoccupazioni finanziarie la fecero tornare a Worpswede da suo marito.<\/p>\n<p>Il suo lavoro \u00e8 diventato noto e collezionato soprattutto dopo la sua precoce morte nel 1907. Negli anni &#8217;20, il mecenate Ludwig Roselius fece costruire il museo <a href=\"https:\/\/www.bremer-promenaden.de\/it\/visita-guidata-di-brema-la-boettcherstrasse-bremer-promenaden\/\">Paula-Becker-Modersohn-Haus<\/a> a Brema dedicato alla sua collezione. Oggi, Paula \u00e8 considerata una pioniera del modernismo in Germania.<\/p>\n<p><strong>Visita guidata sulle orme della pittrice a Worpswede:<\/strong> la nostra ricerca di tracce ci porta alla chiesa di Worpswede Zion e alla tomba di Paula, passando per il Barkenhoff e altri luoghi significativi e finisce con una visita al museo nella <a href=\"https:\/\/www.museum-modersohn.de\" target=\"_blank\" rel=\"noopener\">casa Modersohn<\/a>.<\/p>\n<p>Inoltre, come opzione, c\u2019\u00e8 la visita guidata al <a href=\"https:\/\/www.museen-boettcherstrasse.de\/museen\/paula-modersohn-becker-museum\/\" target=\"_blank\" rel=\"noopener\">museo Paula-Becker-Modersohn-Haus<\/a> nella B\u00f6ttcherstra\u00dfe di Brema.<\/p>\n<p><strong>Durata della visita guidata a Worpswede:<\/strong> due ore e mezza.<\/p>\n<p><strong>Buono a sapersi:<\/strong> Poich\u00e9 cammineremo per sentieri rurali e attraverso il bosco, suggeriamo di indossare calzature comode e adatte.<\/p>\n<h3><strong>Gruppi e prezzi<\/strong><\/h3>\n<p>Da una persona fino al massimo di 20 persone per gruppo: 190,-\u20ac<br \/>pi\u00f9 5,- \u20ac per persona per l\u2019ingresso al museo.<\/p>\n<\/div><\/section><\/div>\n","protected":false},"excerpt":{"rendered":"","protected":false},"author":1,"featured_media":0,"parent":0,"menu_order":0,"comment_status":"closed","ping_status":"closed","template":"","meta":{"footnotes":""},"class_list":["post-1948","page","type-page","status-publish","hentry"],"yoast_head":"<!-- This site is optimized with the Yoast SEO plugin v27.5 - https:\/\/yoast.com\/product\/yoast-seo-wordpress\/ -->\n<title>Paula Modersohn-Becker, pioniera del modernismo in Germania - Bremer Promenaden<\/title>\n<meta name=\"description\" content=\"Worpswede e Brema hanno lasciato il segno nella pittrice Paula Modersohn-Becker. Seguiamo le sue tracce in visite guidate in francese, italiano, inglese e tedesco.\" \/>\n<meta name=\"robots\" content=\"index, follow, max-snippet:-1, max-image-preview:large, max-video-preview:-1\" \/>\n<link rel=\"canonical\" href=\"https:\/\/www.bremer-promenaden.de\/paula-modersohn-becker\/\" \/>\n<meta property=\"og:locale\" content=\"it_IT\" \/>\n<meta property=\"og:type\" content=\"article\" \/>\n<meta property=\"og:title\" content=\"Paula Modersohn-Becker, pioniera del modernismo in Germania - Bremer Promenaden\" \/>\n<meta property=\"og:description\" content=\"Worpswede e Brema hanno lasciato il segno nella pittrice Paula Modersohn-Becker. Seguiamo le sue tracce in visite guidate in francese, italiano, inglese e tedesco.\" \/>\n<meta property=\"og:url\" content=\"https:\/\/www.bremer-promenaden.de\/paula-modersohn-becker\/\" \/>\n<meta property=\"og:site_name\" content=\"Bremer Promenaden\" \/>\n<meta property=\"article:modified_time\" content=\"2026-01-07T10:28:14+00:00\" \/>\n<meta name=\"twitter:card\" content=\"summary_large_image\" \/>\n<meta name=\"twitter:label1\" content=\"Tempo di lettura stimato\" \/>\n\t<meta name=\"twitter:data1\" content=\"7 minuti\" \/>\n<script type=\"application\/ld+json\" class=\"yoast-schema-graph\">{\"@context\":\"https:\\\/\\\/schema.org\",\"@graph\":[{\"@type\":\"WebPage\",\"@id\":\"https:\\\/\\\/www.bremer-promenaden.de\\\/paula-modersohn-becker\\\/\",\"url\":\"https:\\\/\\\/www.bremer-promenaden.de\\\/paula-modersohn-becker\\\/\",\"name\":\"Paula Modersohn-Becker, pioniera del modernismo in Germania - Bremer Promenaden\",\"isPartOf\":{\"@id\":\"https:\\\/\\\/www.bremer-promenaden.de\\\/#website\"},\"datePublished\":\"2022-02-24T10:44:11+00:00\",\"dateModified\":\"2026-01-07T10:28:14+00:00\",\"description\":\"Worpswede e Brema hanno lasciato il segno nella pittrice Paula Modersohn-Becker. Seguiamo le sue tracce in visite guidate in francese, italiano, inglese e tedesco.\",\"breadcrumb\":{\"@id\":\"https:\\\/\\\/www.bremer-promenaden.de\\\/paula-modersohn-becker\\\/#breadcrumb\"},\"inLanguage\":\"it-IT\",\"potentialAction\":[{\"@type\":\"ReadAction\",\"target\":[\"https:\\\/\\\/www.bremer-promenaden.de\\\/paula-modersohn-becker\\\/\"]}]},{\"@type\":\"BreadcrumbList\",\"@id\":\"https:\\\/\\\/www.bremer-promenaden.de\\\/paula-modersohn-becker\\\/#breadcrumb\",\"itemListElement\":[{\"@type\":\"ListItem\",\"position\":1,\"name\":\"Startseite\",\"item\":\"https:\\\/\\\/www.bremer-promenaden.de\\\/it\\\/\"},{\"@type\":\"ListItem\",\"position\":2,\"name\":\"Paula Modersohn-Becker, pioniera del modernismo in Germania\"}]},{\"@type\":\"WebSite\",\"@id\":\"https:\\\/\\\/www.bremer-promenaden.de\\\/#website\",\"url\":\"https:\\\/\\\/www.bremer-promenaden.de\\\/\",\"name\":\"Bremer Promenaden\",\"description\":\"Rundg\u00e4nge durch Bremen und um zu\",\"potentialAction\":[{\"@type\":\"SearchAction\",\"target\":{\"@type\":\"EntryPoint\",\"urlTemplate\":\"https:\\\/\\\/www.bremer-promenaden.de\\\/?s={search_term_string}\"},\"query-input\":{\"@type\":\"PropertyValueSpecification\",\"valueRequired\":true,\"valueName\":\"search_term_string\"}}],\"inLanguage\":\"it-IT\"}]}<\/script>\n<!-- \/ Yoast SEO plugin. -->","yoast_head_json":{"title":"Paula Modersohn-Becker, pioniera del modernismo in Germania - Bremer Promenaden","description":"Worpswede e Brema hanno lasciato il segno nella pittrice Paula Modersohn-Becker. Seguiamo le sue tracce in visite guidate in francese, italiano, inglese e tedesco.","robots":{"index":"index","follow":"follow","max-snippet":"max-snippet:-1","max-image-preview":"max-image-preview:large","max-video-preview":"max-video-preview:-1"},"canonical":"https:\/\/www.bremer-promenaden.de\/paula-modersohn-becker\/","og_locale":"it_IT","og_type":"article","og_title":"Paula Modersohn-Becker, pioniera del modernismo in Germania - Bremer Promenaden","og_description":"Worpswede e Brema hanno lasciato il segno nella pittrice Paula Modersohn-Becker. Seguiamo le sue tracce in visite guidate in francese, italiano, inglese e tedesco.","og_url":"https:\/\/www.bremer-promenaden.de\/paula-modersohn-becker\/","og_site_name":"Bremer Promenaden","article_modified_time":"2026-01-07T10:28:14+00:00","twitter_card":"summary_large_image","twitter_misc":{"Tempo di lettura stimato":"7 minuti"},"schema":{"@context":"https:\/\/schema.org","@graph":[{"@type":"WebPage","@id":"https:\/\/www.bremer-promenaden.de\/paula-modersohn-becker\/","url":"https:\/\/www.bremer-promenaden.de\/paula-modersohn-becker\/","name":"Paula Modersohn-Becker, pioniera del modernismo in Germania - Bremer Promenaden","isPartOf":{"@id":"https:\/\/www.bremer-promenaden.de\/#website"},"datePublished":"2022-02-24T10:44:11+00:00","dateModified":"2026-01-07T10:28:14+00:00","description":"Worpswede e Brema hanno lasciato il segno nella pittrice Paula Modersohn-Becker. Seguiamo le sue tracce in visite guidate in francese, italiano, inglese e tedesco.","breadcrumb":{"@id":"https:\/\/www.bremer-promenaden.de\/paula-modersohn-becker\/#breadcrumb"},"inLanguage":"it-IT","potentialAction":[{"@type":"ReadAction","target":["https:\/\/www.bremer-promenaden.de\/paula-modersohn-becker\/"]}]},{"@type":"BreadcrumbList","@id":"https:\/\/www.bremer-promenaden.de\/paula-modersohn-becker\/#breadcrumb","itemListElement":[{"@type":"ListItem","position":1,"name":"Startseite","item":"https:\/\/www.bremer-promenaden.de\/it\/"},{"@type":"ListItem","position":2,"name":"Paula Modersohn-Becker, pioniera del modernismo in Germania"}]},{"@type":"WebSite","@id":"https:\/\/www.bremer-promenaden.de\/#website","url":"https:\/\/www.bremer-promenaden.de\/","name":"Bremer Promenaden","description":"Rundg\u00e4nge durch Bremen und um zu","potentialAction":[{"@type":"SearchAction","target":{"@type":"EntryPoint","urlTemplate":"https:\/\/www.bremer-promenaden.de\/?s={search_term_string}"},"query-input":{"@type":"PropertyValueSpecification","valueRequired":true,"valueName":"search_term_string"}}],"inLanguage":"it-IT"}]}},"jetpack_sharing_enabled":true,"jetpack_shortlink":"https:\/\/wp.me\/P9FEkD-vq","_links":{"self":[{"href":"https:\/\/www.bremer-promenaden.de\/it\/wp-json\/wp\/v2\/pages\/1948","targetHints":{"allow":["GET"]}}],"collection":[{"href":"https:\/\/www.bremer-promenaden.de\/it\/wp-json\/wp\/v2\/pages"}],"about":[{"href":"https:\/\/www.bremer-promenaden.de\/it\/wp-json\/wp\/v2\/types\/page"}],"author":[{"embeddable":true,"href":"https:\/\/www.bremer-promenaden.de\/it\/wp-json\/wp\/v2\/users\/1"}],"replies":[{"embeddable":true,"href":"https:\/\/www.bremer-promenaden.de\/it\/wp-json\/wp\/v2\/comments?post=1948"}],"version-history":[{"count":16,"href":"https:\/\/www.bremer-promenaden.de\/it\/wp-json\/wp\/v2\/pages\/1948\/revisions"}],"predecessor-version":[{"id":3721,"href":"https:\/\/www.bremer-promenaden.de\/it\/wp-json\/wp\/v2\/pages\/1948\/revisions\/3721"}],"wp:attachment":[{"href":"https:\/\/www.bremer-promenaden.de\/it\/wp-json\/wp\/v2\/media?parent=1948"}],"curies":[{"name":"wp","href":"https:\/\/api.w.org\/{rel}","templated":true}]}}