{"id":408,"date":"2017-05-17T13:28:32","date_gmt":"2017-05-17T11:28:32","guid":{"rendered":"http:\/\/www.bremer-promenaden.de\/visite-guide-de-breme-hotel-de-ville-bremer-promenaden\/"},"modified":"2023-02-13T15:17:32","modified_gmt":"2023-02-13T14:17:32","slug":"visite-guide-de-breme-hotel-de-ville-bremer-promenaden","status":"publish","type":"page","link":"https:\/\/www.bremer-promenaden.de\/fr\/visite-guide-de-breme-hotel-de-ville-bremer-promenaden\/","title":{"rendered":"Visite guid\u00e9 de Br\u00eame: h\u00f4tel de ville \u2013 Bremer Promenaden"},"content":{"rendered":"<div id='full_slider_1'  class='avia-fullwidth-slider main_color avia-shadow   avia-builder-el-0  el_before_av_one_full  avia-builder-el-first   container_wrap fullsize'  ><div  class='avia-slideshow av-192zol-47e6994315888bc102e544a725a7ec94 avia-slideshow-featured av_slideshow_full avia-slide-slider av-slideshow-ui av-control-default av-slideshow-autoplay av-loop-endless av-loop-manual-endless av-default-height-applied   avia-slideshow-1' data-slideshow-options=\"{&quot;animation&quot;:&quot;slide&quot;,&quot;autoplay&quot;:true,&quot;loop_autoplay&quot;:&quot;endless&quot;,&quot;interval&quot;:5,&quot;loop_manual&quot;:&quot;manual-endless&quot;,&quot;autoplay_stopper&quot;:false,&quot;noNavigation&quot;:false,&quot;bg_slider&quot;:false,&quot;keep_padding&quot;:false,&quot;hoverpause&quot;:false,&quot;show_slide_delay&quot;:0}\"  itemprop=\"image\" itemscope=\"itemscope\" itemtype=\"https:\/\/schema.org\/ImageObject\" ><ul class='avia-slideshow-inner ' style='padding-bottom: 28.666666666667%;'><li  class='avia-slideshow-slide av-192zol-47e6994315888bc102e544a725a7ec94__0  av-single-slide slide-1 slide-odd'><div data-rel='slideshow-1' class='avia-slide-wrap '   ><img decoding=\"async\" fetchpriority=\"high\" class=\"wp-image-1173 avia-img-lazy-loading-not-1173\"  src=\"https:\/\/www.bremer-promenaden.de\/wp-content\/uploads\/2018\/04\/20170816-103738-0430.jpg\" width=\"1500\" height=\"430\" title='20170816-103738-0430' alt='Reiterfiguren aus Kupfer bewachen das Bremer Rathaus.'  itemprop=\"thumbnailUrl\" srcset=\"https:\/\/www.bremer-promenaden.de\/wp-content\/uploads\/2018\/04\/20170816-103738-0430.jpg 1500w, https:\/\/www.bremer-promenaden.de\/wp-content\/uploads\/2018\/04\/20170816-103738-0430-300x86.jpg 300w, https:\/\/www.bremer-promenaden.de\/wp-content\/uploads\/2018\/04\/20170816-103738-0430-768x220.jpg 768w, https:\/\/www.bremer-promenaden.de\/wp-content\/uploads\/2018\/04\/20170816-103738-0430-1030x295.jpg 1030w, https:\/\/www.bremer-promenaden.de\/wp-content\/uploads\/2018\/04\/20170816-103738-0430-705x202.jpg 705w, https:\/\/www.bremer-promenaden.de\/wp-content\/uploads\/2018\/04\/20170816-103738-0430-450x129.jpg 450w\" sizes=\"(max-width: 1500px) 100vw, 1500px\" \/><\/div><\/li><\/ul><\/div><\/div><div id='after_full_slider_1'  class='main_color av_default_container_wrap container_wrap fullsize'  ><div class='container av-section-cont-open' ><div class='template-page content  av-content-full alpha units'><div class='post-entry post-entry-type-page post-entry-408'><div class='entry-content-wrapper clearfix'>\n\n<style type=\"text\/css\" data-created_by=\"avia_inline_auto\" id=\"style-css-av-h7hwt-0ba2b1c5b955e4b14a3c307892d3d6d3\">\n.flex_column.av-h7hwt-0ba2b1c5b955e4b14a3c307892d3d6d3{\nborder-radius:0px 0px 0px 0px;\npadding:0px 0px 0px 0px;\n}\n<\/style>\n<div  class='flex_column av-h7hwt-0ba2b1c5b955e4b14a3c307892d3d6d3 av_one_full  avia-builder-el-1  el_after_av_slideshow_full  avia-builder-el-no-sibling  first flex_column_div av-zero-column-padding  '     ><section  class='av_textblock_section av-abwbx-0ae4f9ead7c91fa95898a2a5531a8eba '   itemscope=\"itemscope\" itemtype=\"https:\/\/schema.org\/CreativeWork\" ><div class='avia_textblock'  itemprop=\"text\" ><h1>VISITE GUID\u00c9 PAR L\u2019H\u00d4TEL DE VILLE DE BREMEN : TROIS STYLES D\u2019ARCHITECTURE POUR UN SEUL BIJOU<\/h1>\n<p>Le nouveau et l\u2019ancien h\u00f4tel de ville de Bremen sont class\u00e9s depuis 2004 au patrimoine culturel mondial de l\u2019UNESCO. Il y a plus de 100 ans que les deux b\u00e2timents ne font qu\u2019un, mais l\u2019agrandissement par rapport \u00e0 l\u2019ancien b\u00e2timent est notoire. Ici rivalisent des styles architecturaux tels que le gothique, le style renaissance du Weser ainsi que l\u2019art nouveau.<\/p>\n<p>L\u2019histoire de la ville hans\u00e9atique prend vie pendant la visite guid\u00e9e de l\u2019h\u00f4tel de ville et nous allons r\u00e9pondre \u00e0 de nombreuses interrogations: pourquoi l\u2019h\u00f4tel de ville fut construit en ce lieu? Pourquoi le port de Br\u00eame ne se trouve pas au sein de la ville hans\u00e9atique? Quelle est l\u2019utilit\u00e9 de la galerie de dames? Et ce n\u2019est que le d\u00e9but des autres myst\u00e8res li\u00e9s \u00e0 cet endroit et que nous percerons ensemble lors de la visite.<\/p>\n<p>Pendant la dur\u00e9e du circuit laissez-vous vous embrouiller par l\u2019image d\u2019un bateau dans la salle de f\u00eate et charmer par le style de l\u2019art nouveau. Dans la vieille salle se trouvent des chandeliers, des maquettes de bateau et des fresques. Enfin, la chambre d\u2019or marquera l\u2019apoth\u00e9ose du parcours guid\u00e9.<\/p>\n<h2>LA VISITE GUID\u00c9E DE L\u2019H\u00d4TEL DE VILLE: VUE D\u2019ENSEMBLE<\/h2>\n<p>Vous pouvez r\u00e9server les visites guid\u00e9es de Bremen et le tour de l\u2019h\u00f4tel de ville en fran\u00e7ais et italien.<\/p>\n<p><strong>\u00c9tapes du circuit:<\/strong> Nous commencerons par le vestibule entre nouveau et ancien h\u00f4tel de ville; l\u2019escalier avec vue; la salle de f\u00eate avec sa galerie de dames, sa galerie d\u2019orchestre et le cabinet de la tour; l\u2019ancienne salle abrite les si\u00e8ges du conseil, des fresques et la <a href=\"http:\/\/www.rathaus.bremen.de\/der_heimliche_star__die_gueldenkammer-1565\" target=\"_blank\" rel=\"noopener noreferrer\">chambre d\u2019or<\/a> d\u00e9cor\u00e9e par <a href=\"https:\/\/de.wikipedia.org\/wiki\/Heinrich_Vogeler\" target=\"_blank\" rel=\"noopener noreferrer\">Heinrich Vogeler<\/a> au style d\u2019art nouveau.<\/p>\n<p><strong>Dur\u00e9e de la visite:<\/strong> une heure.<\/p>\n<p><strong>Attention:<\/strong> M\u00eame les visites r\u00e9serv\u00e9es peuvent \u00eatre annul\u00e9es jusqu\u2019\u00e0 4 semaines avant le date pr\u00e9vue car l\u2019usage de l\u2019h\u00f4tel de ville par l\u2019administration est prioritaire. <em>Bremer Promenaden<\/em> offre des <a href=\"https:\/\/www.bremer-promenaden.de\/fr\/visites-guidees\/\">alternatives attrayantes<\/a>.<\/p>\n<p><strong>Bon \u00e0 savoir: <\/strong>Grands sacs \u00e0 main et sac \u00e0 dos ne peuvent pas \u00eatre emmen\u00e9s au premier \u00e9tage, ils resteront au rez-de-chauss\u00e9e. La prise de photos est autoris\u00e9e (avec flash aussi), donc n\u2019oubliez pas vos appareils! S\u2019agissant des personnes en fauteuil roulant pensez \u00e0 l\u2019indiquer lors de la r\u00e9servation, un ascenseur est pr\u00e9vu \u00e0 cet usage. Information importante: l\u2019h\u00f4tel de ville ne poss\u00e8de pas de toilettes publiques.<\/p>\n<h3>Groupes et prix, visite guid\u00e9e en fran\u00e7ais<\/h3>\n<ul>\n<li>25 personnes au maximum, prix sur demande.<\/li>\n<\/ul>\n<p>Die F\u00fchrungen im Bremer Rathaus werden \u00fcber die BTZ Bremer Touristik-Zentrale \u2013 Eine Marke der WFB organisiert und gesteuert.<\/p>\n<\/div><\/section><\/div>\n","protected":false},"excerpt":{"rendered":"","protected":false},"author":1,"featured_media":0,"parent":0,"menu_order":0,"comment_status":"closed","ping_status":"closed","template":"","meta":{"footnotes":""},"class_list":["post-408","page","type-page","status-publish","hentry"],"yoast_head":"<!-- This site is optimized with the Yoast SEO plugin v27.5 - https:\/\/yoast.com\/product\/yoast-seo-wordpress\/ -->\n<title>Visite guid\u00e9 de Br\u00eame: h\u00f4tel de ville \u2013 Bremer Promenaden - Bremer Promenaden<\/title>\n<meta name=\"description\" content=\"Dans le cadre des visites de Br\u00eame le parcours de l&#039;h\u00f4tel de ville est une visite \u00e0 part enti\u00e8re: il fait partie du patrimoine culturel mondial de l\u2019UNESCO et rec\u00e8le de nombreux tr\u00e9sors dont les plus secrets vous seront r\u00e9v\u00e9l\u00e9s par la Bremer Promenaden.\" \/>\n<meta name=\"robots\" content=\"index, follow, max-snippet:-1, max-image-preview:large, max-video-preview:-1\" \/>\n<link rel=\"canonical\" href=\"https:\/\/www.bremer-promenaden.de\/stadtfuehrung-bremen-rathaus\/\" \/>\n<meta property=\"og:locale\" content=\"fr_FR\" \/>\n<meta property=\"og:type\" content=\"article\" \/>\n<meta property=\"og:title\" content=\"Visite guid\u00e9 de Br\u00eame: h\u00f4tel de ville \u2013 Bremer Promenaden - Bremer Promenaden\" \/>\n<meta property=\"og:description\" content=\"Dans le cadre des visites de Br\u00eame le parcours de l&#039;h\u00f4tel de ville est une visite \u00e0 part enti\u00e8re: il fait partie du patrimoine culturel mondial de l\u2019UNESCO et rec\u00e8le de nombreux tr\u00e9sors dont les plus secrets vous seront r\u00e9v\u00e9l\u00e9s par la Bremer Promenaden.\" \/>\n<meta property=\"og:url\" content=\"https:\/\/www.bremer-promenaden.de\/stadtfuehrung-bremen-rathaus\/\" \/>\n<meta property=\"og:site_name\" content=\"Bremer Promenaden\" \/>\n<meta property=\"article:modified_time\" content=\"2023-02-13T14:17:32+00:00\" \/>\n<meta name=\"twitter:card\" content=\"summary_large_image\" \/>\n<meta name=\"twitter:label1\" content=\"Dur\u00e9e de lecture estim\u00e9e\" \/>\n\t<meta name=\"twitter:data1\" content=\"4 minutes\" \/>\n<script type=\"application\/ld+json\" class=\"yoast-schema-graph\">{\"@context\":\"https:\\\/\\\/schema.org\",\"@graph\":[{\"@type\":\"WebPage\",\"@id\":\"https:\\\/\\\/www.bremer-promenaden.de\\\/stadtfuehrung-bremen-rathaus\\\/\",\"url\":\"https:\\\/\\\/www.bremer-promenaden.de\\\/stadtfuehrung-bremen-rathaus\\\/\",\"name\":\"Visite guid\u00e9 de Br\u00eame: h\u00f4tel de ville \u2013 Bremer Promenaden - Bremer Promenaden\",\"isPartOf\":{\"@id\":\"https:\\\/\\\/www.bremer-promenaden.de\\\/#website\"},\"datePublished\":\"2017-05-17T11:28:32+00:00\",\"dateModified\":\"2023-02-13T14:17:32+00:00\",\"description\":\"Dans le cadre des visites de Br\u00eame le parcours de l'h\u00f4tel de ville est une visite \u00e0 part enti\u00e8re: il fait partie du patrimoine culturel mondial de l\u2019UNESCO et rec\u00e8le de nombreux tr\u00e9sors dont les plus secrets vous seront r\u00e9v\u00e9l\u00e9s par la Bremer Promenaden.\",\"breadcrumb\":{\"@id\":\"https:\\\/\\\/www.bremer-promenaden.de\\\/stadtfuehrung-bremen-rathaus\\\/#breadcrumb\"},\"inLanguage\":\"fr-FR\",\"potentialAction\":[{\"@type\":\"ReadAction\",\"target\":[\"https:\\\/\\\/www.bremer-promenaden.de\\\/stadtfuehrung-bremen-rathaus\\\/\"]}]},{\"@type\":\"BreadcrumbList\",\"@id\":\"https:\\\/\\\/www.bremer-promenaden.de\\\/stadtfuehrung-bremen-rathaus\\\/#breadcrumb\",\"itemListElement\":[{\"@type\":\"ListItem\",\"position\":1,\"name\":\"Startseite\",\"item\":\"https:\\\/\\\/www.bremer-promenaden.de\\\/fr\\\/\"},{\"@type\":\"ListItem\",\"position\":2,\"name\":\"Visite guid\u00e9 de Br\u00eame: h\u00f4tel de ville \u2013 Bremer Promenaden\"}]},{\"@type\":\"WebSite\",\"@id\":\"https:\\\/\\\/www.bremer-promenaden.de\\\/#website\",\"url\":\"https:\\\/\\\/www.bremer-promenaden.de\\\/\",\"name\":\"Bremer Promenaden\",\"description\":\"Rundg\u00e4nge durch Bremen und um zu\",\"potentialAction\":[{\"@type\":\"SearchAction\",\"target\":{\"@type\":\"EntryPoint\",\"urlTemplate\":\"https:\\\/\\\/www.bremer-promenaden.de\\\/?s={search_term_string}\"},\"query-input\":{\"@type\":\"PropertyValueSpecification\",\"valueRequired\":true,\"valueName\":\"search_term_string\"}}],\"inLanguage\":\"fr-FR\"}]}<\/script>\n<!-- \/ Yoast SEO plugin. -->","yoast_head_json":{"title":"Visite guid\u00e9 de Br\u00eame: h\u00f4tel de ville \u2013 Bremer Promenaden - Bremer Promenaden","description":"Dans le cadre des visites de Br\u00eame le parcours de l'h\u00f4tel de ville est une visite \u00e0 part enti\u00e8re: il fait partie du patrimoine culturel mondial de l\u2019UNESCO et rec\u00e8le de nombreux tr\u00e9sors dont les plus secrets vous seront r\u00e9v\u00e9l\u00e9s par la Bremer Promenaden.","robots":{"index":"index","follow":"follow","max-snippet":"max-snippet:-1","max-image-preview":"max-image-preview:large","max-video-preview":"max-video-preview:-1"},"canonical":"https:\/\/www.bremer-promenaden.de\/stadtfuehrung-bremen-rathaus\/","og_locale":"fr_FR","og_type":"article","og_title":"Visite guid\u00e9 de Br\u00eame: h\u00f4tel de ville \u2013 Bremer Promenaden - Bremer Promenaden","og_description":"Dans le cadre des visites de Br\u00eame le parcours de l'h\u00f4tel de ville est une visite \u00e0 part enti\u00e8re: il fait partie du patrimoine culturel mondial de l\u2019UNESCO et rec\u00e8le de nombreux tr\u00e9sors dont les plus secrets vous seront r\u00e9v\u00e9l\u00e9s par la Bremer Promenaden.","og_url":"https:\/\/www.bremer-promenaden.de\/stadtfuehrung-bremen-rathaus\/","og_site_name":"Bremer Promenaden","article_modified_time":"2023-02-13T14:17:32+00:00","twitter_card":"summary_large_image","twitter_misc":{"Dur\u00e9e de lecture estim\u00e9e":"4 minutes"},"schema":{"@context":"https:\/\/schema.org","@graph":[{"@type":"WebPage","@id":"https:\/\/www.bremer-promenaden.de\/stadtfuehrung-bremen-rathaus\/","url":"https:\/\/www.bremer-promenaden.de\/stadtfuehrung-bremen-rathaus\/","name":"Visite guid\u00e9 de Br\u00eame: h\u00f4tel de ville \u2013 Bremer Promenaden - Bremer Promenaden","isPartOf":{"@id":"https:\/\/www.bremer-promenaden.de\/#website"},"datePublished":"2017-05-17T11:28:32+00:00","dateModified":"2023-02-13T14:17:32+00:00","description":"Dans le cadre des visites de Br\u00eame le parcours de l'h\u00f4tel de ville est une visite \u00e0 part enti\u00e8re: il fait partie du patrimoine culturel mondial de l\u2019UNESCO et rec\u00e8le de nombreux tr\u00e9sors dont les plus secrets vous seront r\u00e9v\u00e9l\u00e9s par la Bremer Promenaden.","breadcrumb":{"@id":"https:\/\/www.bremer-promenaden.de\/stadtfuehrung-bremen-rathaus\/#breadcrumb"},"inLanguage":"fr-FR","potentialAction":[{"@type":"ReadAction","target":["https:\/\/www.bremer-promenaden.de\/stadtfuehrung-bremen-rathaus\/"]}]},{"@type":"BreadcrumbList","@id":"https:\/\/www.bremer-promenaden.de\/stadtfuehrung-bremen-rathaus\/#breadcrumb","itemListElement":[{"@type":"ListItem","position":1,"name":"Startseite","item":"https:\/\/www.bremer-promenaden.de\/fr\/"},{"@type":"ListItem","position":2,"name":"Visite guid\u00e9 de Br\u00eame: h\u00f4tel de ville \u2013 Bremer Promenaden"}]},{"@type":"WebSite","@id":"https:\/\/www.bremer-promenaden.de\/#website","url":"https:\/\/www.bremer-promenaden.de\/","name":"Bremer Promenaden","description":"Rundg\u00e4nge durch Bremen und um zu","potentialAction":[{"@type":"SearchAction","target":{"@type":"EntryPoint","urlTemplate":"https:\/\/www.bremer-promenaden.de\/?s={search_term_string}"},"query-input":{"@type":"PropertyValueSpecification","valueRequired":true,"valueName":"search_term_string"}}],"inLanguage":"fr-FR"}]}},"jetpack_sharing_enabled":true,"jetpack_shortlink":"https:\/\/wp.me\/P9FEkD-6A","_links":{"self":[{"href":"https:\/\/www.bremer-promenaden.de\/fr\/wp-json\/wp\/v2\/pages\/408","targetHints":{"allow":["GET"]}}],"collection":[{"href":"https:\/\/www.bremer-promenaden.de\/fr\/wp-json\/wp\/v2\/pages"}],"about":[{"href":"https:\/\/www.bremer-promenaden.de\/fr\/wp-json\/wp\/v2\/types\/page"}],"author":[{"embeddable":true,"href":"https:\/\/www.bremer-promenaden.de\/fr\/wp-json\/wp\/v2\/users\/1"}],"replies":[{"embeddable":true,"href":"https:\/\/www.bremer-promenaden.de\/fr\/wp-json\/wp\/v2\/comments?post=408"}],"version-history":[{"count":23,"href":"https:\/\/www.bremer-promenaden.de\/fr\/wp-json\/wp\/v2\/pages\/408\/revisions"}],"predecessor-version":[{"id":2348,"href":"https:\/\/www.bremer-promenaden.de\/fr\/wp-json\/wp\/v2\/pages\/408\/revisions\/2348"}],"wp:attachment":[{"href":"https:\/\/www.bremer-promenaden.de\/fr\/wp-json\/wp\/v2\/media?parent=408"}],"curies":[{"name":"wp","href":"https:\/\/api.w.org\/{rel}","templated":true}]}}