{"id":447,"date":"2017-05-18T10:21:55","date_gmt":"2017-05-18T08:21:55","guid":{"rendered":"http:\/\/www.bremer-promenaden.de\/guided-tour-through-the-schnoor-district\/"},"modified":"2026-01-07T10:50:28","modified_gmt":"2026-01-07T09:50:28","slug":"guided-tour-through-the-schnoor-district","status":"publish","type":"page","link":"https:\/\/www.bremer-promenaden.de\/en\/guided-tour-through-the-schnoor-district\/","title":{"rendered":"Guided tour through the Schnoor district"},"content":{"rendered":"<div id='full_slider_1'  class='avia-fullwidth-slider main_color avia-shadow   avia-builder-el-0  el_before_av_one_full  avia-builder-el-first   container_wrap fullsize'  ><div  class='avia-slideshow av-3s3wy-513c86c3b6fdaa5ffd8b229a61604304 avia-slideshow-featured av_slideshow_full avia-slide-slider av-slideshow-ui av-control-default av-slideshow-autoplay av-loop-endless av-loop-manual-endless av-default-height-applied   avia-slideshow-1' data-slideshow-options=\"{&quot;animation&quot;:&quot;slide&quot;,&quot;autoplay&quot;:true,&quot;loop_autoplay&quot;:&quot;endless&quot;,&quot;interval&quot;:5,&quot;loop_manual&quot;:&quot;manual-endless&quot;,&quot;autoplay_stopper&quot;:false,&quot;noNavigation&quot;:false,&quot;bg_slider&quot;:false,&quot;keep_padding&quot;:false,&quot;hoverpause&quot;:false,&quot;show_slide_delay&quot;:0}\"  itemprop=\"image\" itemscope=\"itemscope\" itemtype=\"https:\/\/schema.org\/ImageObject\" ><ul class='avia-slideshow-inner ' style='padding-bottom: 28.666666666667%;'><li  class='avia-slideshow-slide av-3s3wy-513c86c3b6fdaa5ffd8b229a61604304__0  slide-1 slide-odd'><div data-rel='slideshow-1' class='avia-slide-wrap '   ><img decoding=\"async\" fetchpriority=\"high\" class=\"wp-image-1260 avia-img-lazy-loading-not-1260\"  src=\"https:\/\/www.bremer-promenaden.de\/wp-content\/uploads\/2018\/04\/20170816-140547-0430.jpg\" width=\"1500\" height=\"430\" title='20170816-140547-0430' alt='Nicht nur S\u00fc\u00dfes gibt es in Bremens Schnoorkr\u00e4merei.'  itemprop=\"thumbnailUrl\" srcset=\"https:\/\/www.bremer-promenaden.de\/wp-content\/uploads\/2018\/04\/20170816-140547-0430.jpg 1500w, https:\/\/www.bremer-promenaden.de\/wp-content\/uploads\/2018\/04\/20170816-140547-0430-300x86.jpg 300w, https:\/\/www.bremer-promenaden.de\/wp-content\/uploads\/2018\/04\/20170816-140547-0430-768x220.jpg 768w, https:\/\/www.bremer-promenaden.de\/wp-content\/uploads\/2018\/04\/20170816-140547-0430-1030x295.jpg 1030w, https:\/\/www.bremer-promenaden.de\/wp-content\/uploads\/2018\/04\/20170816-140547-0430-705x202.jpg 705w, https:\/\/www.bremer-promenaden.de\/wp-content\/uploads\/2018\/04\/20170816-140547-0430-450x129.jpg 450w\" sizes=\"(max-width: 1500px) 100vw, 1500px\" \/><\/div><\/li><li  class='avia-slideshow-slide av-3s3wy-513c86c3b6fdaa5ffd8b229a61604304__1  slide-2 slide-even'><div data-rel='slideshow-1' class='avia-slide-wrap '   ><img decoding=\"async\" fetchpriority=\"high\" class=\"wp-image-1264 avia-img-lazy-loading-not-1264\"  src=\"https:\/\/www.bremer-promenaden.de\/wp-content\/uploads\/2018\/04\/20170816-140708-0430.jpg\" width=\"1500\" height=\"430\" title='20170816-140708-0430' alt='Im Schnoor findet man noch sch\u00f6ne Deckenmalereien.'  itemprop=\"thumbnailUrl\" srcset=\"https:\/\/www.bremer-promenaden.de\/wp-content\/uploads\/2018\/04\/20170816-140708-0430.jpg 1500w, https:\/\/www.bremer-promenaden.de\/wp-content\/uploads\/2018\/04\/20170816-140708-0430-300x86.jpg 300w, https:\/\/www.bremer-promenaden.de\/wp-content\/uploads\/2018\/04\/20170816-140708-0430-768x220.jpg 768w, https:\/\/www.bremer-promenaden.de\/wp-content\/uploads\/2018\/04\/20170816-140708-0430-1030x295.jpg 1030w, https:\/\/www.bremer-promenaden.de\/wp-content\/uploads\/2018\/04\/20170816-140708-0430-705x202.jpg 705w, https:\/\/www.bremer-promenaden.de\/wp-content\/uploads\/2018\/04\/20170816-140708-0430-450x129.jpg 450w\" sizes=\"(max-width: 1500px) 100vw, 1500px\" \/><\/div><\/li><li  class='avia-slideshow-slide av-3s3wy-513c86c3b6fdaa5ffd8b229a61604304__2  slide-3 slide-odd'><div data-rel='slideshow-1' class='avia-slide-wrap '   ><img decoding=\"async\" fetchpriority=\"high\" class=\"wp-image-1268 avia-img-lazy-loading-not-1268\"  src=\"https:\/\/www.bremer-promenaden.de\/wp-content\/uploads\/2018\/04\/20170816-142041-0430.jpg\" width=\"1500\" height=\"430\" title='20170816-142041-0430' alt='Plattdeutsche Spr\u00fcche finden sich im Bremer Schnoor.'  itemprop=\"thumbnailUrl\" srcset=\"https:\/\/www.bremer-promenaden.de\/wp-content\/uploads\/2018\/04\/20170816-142041-0430.jpg 1500w, https:\/\/www.bremer-promenaden.de\/wp-content\/uploads\/2018\/04\/20170816-142041-0430-300x86.jpg 300w, https:\/\/www.bremer-promenaden.de\/wp-content\/uploads\/2018\/04\/20170816-142041-0430-768x220.jpg 768w, https:\/\/www.bremer-promenaden.de\/wp-content\/uploads\/2018\/04\/20170816-142041-0430-1030x295.jpg 1030w, https:\/\/www.bremer-promenaden.de\/wp-content\/uploads\/2018\/04\/20170816-142041-0430-705x202.jpg 705w, https:\/\/www.bremer-promenaden.de\/wp-content\/uploads\/2018\/04\/20170816-142041-0430-450x129.jpg 450w\" sizes=\"(max-width: 1500px) 100vw, 1500px\" \/><\/div><\/li><li  class='avia-slideshow-slide av-3s3wy-513c86c3b6fdaa5ffd8b229a61604304__3  slide-4 slide-even'><div data-rel='slideshow-1' class='avia-slide-wrap '   ><img decoding=\"async\" fetchpriority=\"high\" class=\"wp-image-1272 avia-img-lazy-loading-not-1272\"  src=\"https:\/\/www.bremer-promenaden.de\/wp-content\/uploads\/2018\/04\/20170816-142810-0430.jpg\" width=\"1500\" height=\"430\" title='20170816-142810-0430' alt='Idylle und Kunst pr\u00e4gen den Bremer Schnoor.'  itemprop=\"thumbnailUrl\" srcset=\"https:\/\/www.bremer-promenaden.de\/wp-content\/uploads\/2018\/04\/20170816-142810-0430.jpg 1500w, https:\/\/www.bremer-promenaden.de\/wp-content\/uploads\/2018\/04\/20170816-142810-0430-300x86.jpg 300w, https:\/\/www.bremer-promenaden.de\/wp-content\/uploads\/2018\/04\/20170816-142810-0430-768x220.jpg 768w, https:\/\/www.bremer-promenaden.de\/wp-content\/uploads\/2018\/04\/20170816-142810-0430-1030x295.jpg 1030w, https:\/\/www.bremer-promenaden.de\/wp-content\/uploads\/2018\/04\/20170816-142810-0430-705x202.jpg 705w, https:\/\/www.bremer-promenaden.de\/wp-content\/uploads\/2018\/04\/20170816-142810-0430-450x129.jpg 450w\" sizes=\"(max-width: 1500px) 100vw, 1500px\" \/><\/div><\/li><li  class='avia-slideshow-slide av-3s3wy-513c86c3b6fdaa5ffd8b229a61604304__4  slide-5 slide-odd'><div data-rel='slideshow-1' class='avia-slide-wrap '   ><img decoding=\"async\" fetchpriority=\"high\" class=\"wp-image-1276 avia-img-lazy-loading-not-1276\"  src=\"https:\/\/www.bremer-promenaden.de\/wp-content\/uploads\/2018\/04\/20170816-142930-0430.jpg\" width=\"1500\" height=\"430\" title='20170816-142930-0430' alt='Sch\u00f6n verziert sind die Eulenl\u00f6cher im Bremer Schnoor.'  itemprop=\"thumbnailUrl\" srcset=\"https:\/\/www.bremer-promenaden.de\/wp-content\/uploads\/2018\/04\/20170816-142930-0430.jpg 1500w, https:\/\/www.bremer-promenaden.de\/wp-content\/uploads\/2018\/04\/20170816-142930-0430-300x86.jpg 300w, https:\/\/www.bremer-promenaden.de\/wp-content\/uploads\/2018\/04\/20170816-142930-0430-768x220.jpg 768w, https:\/\/www.bremer-promenaden.de\/wp-content\/uploads\/2018\/04\/20170816-142930-0430-1030x295.jpg 1030w, https:\/\/www.bremer-promenaden.de\/wp-content\/uploads\/2018\/04\/20170816-142930-0430-705x202.jpg 705w, https:\/\/www.bremer-promenaden.de\/wp-content\/uploads\/2018\/04\/20170816-142930-0430-450x129.jpg 450w\" sizes=\"(max-width: 1500px) 100vw, 1500px\" \/><\/div><\/li><li  class='avia-slideshow-slide av-3s3wy-513c86c3b6fdaa5ffd8b229a61604304__5  slide-6 slide-even'><div data-rel='slideshow-1' class='avia-slide-wrap '   ><img decoding=\"async\" fetchpriority=\"high\" class=\"wp-image-1280 avia-img-lazy-loading-not-1280\"  src=\"https:\/\/www.bremer-promenaden.de\/wp-content\/uploads\/2018\/04\/20170816-143028-0430.jpg\" width=\"1500\" height=\"430\" title='20170816-143028-0430' alt='Hinter der Balge, Bremen'  itemprop=\"thumbnailUrl\" srcset=\"https:\/\/www.bremer-promenaden.de\/wp-content\/uploads\/2018\/04\/20170816-143028-0430.jpg 1500w, https:\/\/www.bremer-promenaden.de\/wp-content\/uploads\/2018\/04\/20170816-143028-0430-300x86.jpg 300w, https:\/\/www.bremer-promenaden.de\/wp-content\/uploads\/2018\/04\/20170816-143028-0430-768x220.jpg 768w, https:\/\/www.bremer-promenaden.de\/wp-content\/uploads\/2018\/04\/20170816-143028-0430-1030x295.jpg 1030w, https:\/\/www.bremer-promenaden.de\/wp-content\/uploads\/2018\/04\/20170816-143028-0430-705x202.jpg 705w, https:\/\/www.bremer-promenaden.de\/wp-content\/uploads\/2018\/04\/20170816-143028-0430-450x129.jpg 450w\" sizes=\"(max-width: 1500px) 100vw, 1500px\" \/><\/div><\/li><li  class='avia-slideshow-slide av-3s3wy-513c86c3b6fdaa5ffd8b229a61604304__6  slide-7 slide-odd'><div data-rel='slideshow-1' class='avia-slide-wrap '   ><img decoding=\"async\" fetchpriority=\"high\" class=\"wp-image-1284 avia-img-lazy-loading-not-1284\"  src=\"https:\/\/www.bremer-promenaden.de\/wp-content\/uploads\/2018\/04\/20170816-143140-0430.jpg\" width=\"1500\" height=\"430\" title='20170816-143140-0430' alt='moderne Schnoorh\u00e4user, Bremen,Detail'  itemprop=\"thumbnailUrl\" srcset=\"https:\/\/www.bremer-promenaden.de\/wp-content\/uploads\/2018\/04\/20170816-143140-0430.jpg 1500w, https:\/\/www.bremer-promenaden.de\/wp-content\/uploads\/2018\/04\/20170816-143140-0430-300x86.jpg 300w, https:\/\/www.bremer-promenaden.de\/wp-content\/uploads\/2018\/04\/20170816-143140-0430-768x220.jpg 768w, https:\/\/www.bremer-promenaden.de\/wp-content\/uploads\/2018\/04\/20170816-143140-0430-1030x295.jpg 1030w, https:\/\/www.bremer-promenaden.de\/wp-content\/uploads\/2018\/04\/20170816-143140-0430-705x202.jpg 705w, https:\/\/www.bremer-promenaden.de\/wp-content\/uploads\/2018\/04\/20170816-143140-0430-450x129.jpg 450w\" sizes=\"(max-width: 1500px) 100vw, 1500px\" \/><\/div><\/li><li  class='avia-slideshow-slide av-3s3wy-513c86c3b6fdaa5ffd8b229a61604304__7  slide-8 slide-even'><div data-rel='slideshow-1' class='avia-slide-wrap '   ><img decoding=\"async\" fetchpriority=\"high\" class=\"wp-image-1288 avia-img-lazy-loading-not-1288\"  src=\"https:\/\/www.bremer-promenaden.de\/wp-content\/uploads\/2018\/04\/20170816-143201-0430.jpg\" width=\"1500\" height=\"430\" title='20170816-143201-0430' alt='Farbig, hoch und schmal integrieren sich die modernen H\u00e4user in den Bremer Schnoor.'  itemprop=\"thumbnailUrl\" srcset=\"https:\/\/www.bremer-promenaden.de\/wp-content\/uploads\/2018\/04\/20170816-143201-0430.jpg 1500w, https:\/\/www.bremer-promenaden.de\/wp-content\/uploads\/2018\/04\/20170816-143201-0430-300x86.jpg 300w, https:\/\/www.bremer-promenaden.de\/wp-content\/uploads\/2018\/04\/20170816-143201-0430-768x220.jpg 768w, https:\/\/www.bremer-promenaden.de\/wp-content\/uploads\/2018\/04\/20170816-143201-0430-1030x295.jpg 1030w, https:\/\/www.bremer-promenaden.de\/wp-content\/uploads\/2018\/04\/20170816-143201-0430-705x202.jpg 705w, https:\/\/www.bremer-promenaden.de\/wp-content\/uploads\/2018\/04\/20170816-143201-0430-450x129.jpg 450w\" sizes=\"(max-width: 1500px) 100vw, 1500px\" \/><\/div><\/li><li  class='avia-slideshow-slide av-3s3wy-513c86c3b6fdaa5ffd8b229a61604304__8  slide-9 slide-odd'><div data-rel='slideshow-1' class='avia-slide-wrap '   ><img decoding=\"async\" fetchpriority=\"high\" class=\"wp-image-1368 avia-img-lazy-loading-not-1368\"  src=\"https:\/\/www.bremer-promenaden.de\/wp-content\/uploads\/2018\/04\/20170816-141928-0430.jpg\" width=\"1500\" height=\"430\" title='20170816-141928-0430' alt='Bummeln im Schnoor, Bremens \u00e4ltestem Viertel.'  itemprop=\"thumbnailUrl\" srcset=\"https:\/\/www.bremer-promenaden.de\/wp-content\/uploads\/2018\/04\/20170816-141928-0430.jpg 1500w, https:\/\/www.bremer-promenaden.de\/wp-content\/uploads\/2018\/04\/20170816-141928-0430-300x86.jpg 300w, https:\/\/www.bremer-promenaden.de\/wp-content\/uploads\/2018\/04\/20170816-141928-0430-768x220.jpg 768w, https:\/\/www.bremer-promenaden.de\/wp-content\/uploads\/2018\/04\/20170816-141928-0430-1030x295.jpg 1030w, https:\/\/www.bremer-promenaden.de\/wp-content\/uploads\/2018\/04\/20170816-141928-0430-705x202.jpg 705w, https:\/\/www.bremer-promenaden.de\/wp-content\/uploads\/2018\/04\/20170816-141928-0430-450x129.jpg 450w\" sizes=\"(max-width: 1500px) 100vw, 1500px\" \/><\/div><\/li><\/ul><div class='avia-slideshow-arrows avia-slideshow-controls' ><a href='#prev' class='prev-slide  avia-svg-icon avia-font-svg_entypo-fontello' data-av_svg_icon='left-open-big' data-av_iconset='svg_entypo-fontello' tabindex='-1' title=\"Previous\"><svg version=\"1.1\" xmlns=\"http:\/\/www.w3.org\/2000\/svg\" width=\"15\" height=\"32\" viewBox=\"0 0 15 32\" preserveAspectRatio=\"xMidYMid meet\" aria-labelledby='av-svg-title-1' aria-describedby='av-svg-desc-1' role=\"graphics-symbol\" aria-hidden=\"true\">\n<title id='av-svg-title-1'>Previous<\/title>\n<desc id='av-svg-desc-1'>Previous<\/desc>\n<path d=\"M14.464 27.84q0.832 0.832 0 1.536-0.832 0.832-1.536 0l-12.544-12.608q-0.768-0.768 0-1.6l12.544-12.608q0.704-0.832 1.536 0 0.832 0.704 0 1.536l-11.456 11.904z\"><\/path>\n<\/svg><span class='avia_hidden_link_text'>Previous<\/span><\/a><a href='#next' class='next-slide  avia-svg-icon avia-font-svg_entypo-fontello' data-av_svg_icon='right-open-big' data-av_iconset='svg_entypo-fontello' tabindex='-1' title=\"Next\"><svg version=\"1.1\" xmlns=\"http:\/\/www.w3.org\/2000\/svg\" width=\"15\" height=\"32\" viewBox=\"0 0 15 32\" preserveAspectRatio=\"xMidYMid meet\" aria-labelledby='av-svg-title-2' aria-describedby='av-svg-desc-2' role=\"graphics-symbol\" aria-hidden=\"true\">\n<title id='av-svg-title-2'>Next<\/title>\n<desc id='av-svg-desc-2'>Next<\/desc>\n<path d=\"M0.416 27.84l11.456-11.84-11.456-11.904q-0.832-0.832 0-1.536 0.832-0.832 1.536 0l12.544 12.608q0.768 0.832 0 1.6l-12.544 12.608q-0.704 0.832-1.536 0-0.832-0.704 0-1.536z\"><\/path>\n<\/svg><span class='avia_hidden_link_text'>Next<\/span><\/a><\/div><div class='avia-slideshow-dots avia-slideshow-controls'><a href='#1' class='goto-slide active' >1<\/a><a href='#2' class='goto-slide ' >2<\/a><a href='#3' class='goto-slide ' >3<\/a><a href='#4' class='goto-slide ' >4<\/a><a href='#5' class='goto-slide ' >5<\/a><a href='#6' class='goto-slide ' >6<\/a><a href='#7' class='goto-slide ' >7<\/a><a href='#8' class='goto-slide ' >8<\/a><a href='#9' class='goto-slide ' >9<\/a><\/div><\/div><\/div><div id='after_full_slider_1'  class='main_color av_default_container_wrap container_wrap fullsize'  ><div class='container av-section-cont-open' ><div class='template-page content  av-content-full alpha units'><div class='post-entry post-entry-type-page post-entry-447'><div class='entry-content-wrapper clearfix'>\n\n<style type=\"text\/css\" data-created_by=\"avia_inline_auto\" id=\"style-css-av-cmv82-9cfd30c497a94efdf8efd94a8bd05d10\">\n.flex_column.av-cmv82-9cfd30c497a94efdf8efd94a8bd05d10{\nborder-radius:0px 0px 0px 0px;\npadding:0px 0px 0px 0px;\n}\n<\/style>\n<div  class='flex_column av-cmv82-9cfd30c497a94efdf8efd94a8bd05d10 av_one_full  avia-builder-el-1  el_after_av_slideshow_full  avia-builder-el-no-sibling  first flex_column_div av-zero-column-padding  '     ><section  class='av_textblock_section av-7xqhm-28210440d2cae81ef1e2a89b190c7bd2 '   itemscope=\"itemscope\" itemtype=\"https:\/\/schema.org\/CreativeWork\" ><div class='avia_textblock'  itemprop=\"text\" ><h1>Guided tour through the Schnoor: where history lives<\/h1>\n<p>Just a stone\u2019s throw away from the Market Square, we enter Bremen&#8217;s oldest city district: The <a href=\"https:\/\/de.wikipedia.org\/wiki\/Schnoor\" target=\"_blank\" rel=\"noopener\">Schnoor<\/a>. Narrow alleyways and historic brick-built houses are reminiscent of the seafarers and craftsmen who have populated the Schnoor since the Middle Ages. If you would like to meet original historical Bremen people like Heini Holtenbeen or to know how the barrelmaker smuggled ducats from the town, we will include a visit to the Bremer Geschichtenhaus (Bremen History House).<\/p>\n<p>Our tour begins at Bremen\u2019s monastery church <a href=\"https:\/\/de.wikipedia.org\/wiki\/St._Johann_(Bremen)\" target=\"_blank\" rel=\"noopener\">St. Johann<\/a>, from there we continue to the center of the district with artisans, small shops, galleries and cafes. During the tour, we will tell you which rivers surrounded the Schnoor, where the bath houses were located, which role cats played, what owl holes are, and how the Marterburg came to its name.<\/p>\n<h2>Bremen guided tour through Schnoor at a glance.<\/h2>\n<p>You will discover the many interesting features of Bremen&#8217;s Schnoor district: in Italian, French, English and German.<\/p>\n<p><strong>Stops of the tour<\/strong>: Church St. Johann; Schnoor grocer&#8217;s; Stavenstra\u00dfe; <a href=\"http:\/\/www.bremen-schnoor.de\/index.php?id=235\" target=\"_blank\" rel=\"noopener\">Schnoor (street)<\/a> with caf\u00e9s, restaurants, galleries and museums; houses with owl holes; Cat caf\u00e9, narrowest alleyway; W\u00fcste St\u00e4tte with <a href=\"http:\/\/www.bremer-geschichtenhaus.de\" target=\"_blank\" rel=\"noopener\">Bremen History House<\/a>, Bremen&#8217;s smallest house; Marriage House, Marterburg; modern architecture; <a href=\"http:\/\/www.bremer-geschichtenhaus.de\/index.php\/component\/content\/article?id=12\" target=\"_blank\" rel=\"noopener\">Heini Holtenbeen<\/a>; ending at the river Weser or in the rampart park.<\/p>\n<p><strong>Duration of the guided tour<\/strong>: one to 1.5 hours \u2013 those who want to stroll and look around, can stay longer<\/p>\n<p><strong>Good to know<\/strong>: like in old times, we walk over cobblestone streets, best with solid footwear. The direct way to the Schnoor leads via a staircase. There is also a barrier-free access. However, parts of the Schnoor are not suitable for wheelchair users due to very narrow alleyways. After the tour, you can stroll through the various shops and cafes of the Schnoor, best with an empty shopping bag!<\/p>\n<h3><strong>Group size and prices, tour in English<\/strong><\/h3>\n<p>flat rate price for 20 people max. one hour 130.00 Euro<\/p>\n<\/div><\/section><\/div>\n","protected":false},"excerpt":{"rendered":"","protected":false},"author":1,"featured_media":0,"parent":0,"menu_order":0,"comment_status":"closed","ping_status":"closed","template":"","meta":{"footnotes":""},"class_list":["post-447","page","type-page","status-publish","hentry"],"yoast_head":"<!-- This site is optimized with the Yoast SEO plugin v27.5 - https:\/\/yoast.com\/product\/yoast-seo-wordpress\/ -->\n<title>Guided tour through the Schnoor district - Bremer Promenaden<\/title>\n<meta name=\"description\" content=\"Bremen&#039;s oldest quarter and a world of its own: the Schnoor. We will show you its unique features in Italian, French, English and German.\" \/>\n<meta name=\"robots\" content=\"index, follow, max-snippet:-1, max-image-preview:large, max-video-preview:-1\" \/>\n<link rel=\"canonical\" href=\"https:\/\/www.bremer-promenaden.de\/en\/guided-tour-through-the-schnoor-district\/\" \/>\n<meta property=\"og:locale\" content=\"en_US\" \/>\n<meta property=\"og:type\" content=\"article\" \/>\n<meta property=\"og:title\" content=\"Guided tour through the Schnoor district - Bremer Promenaden\" \/>\n<meta property=\"og:description\" content=\"Bremen&#039;s oldest quarter and a world of its own: the Schnoor. We will show you its unique features in Italian, French, English and German.\" \/>\n<meta property=\"og:url\" content=\"https:\/\/www.bremer-promenaden.de\/en\/guided-tour-through-the-schnoor-district\/\" \/>\n<meta property=\"og:site_name\" content=\"Bremer Promenaden\" \/>\n<meta property=\"article:modified_time\" content=\"2026-01-07T09:50:28+00:00\" \/>\n<meta name=\"twitter:card\" content=\"summary_large_image\" \/>\n<meta name=\"twitter:label1\" content=\"Est. reading time\" \/>\n\t<meta name=\"twitter:data1\" content=\"4 minutes\" \/>\n<script type=\"application\/ld+json\" class=\"yoast-schema-graph\">{\"@context\":\"https:\\\/\\\/schema.org\",\"@graph\":[{\"@type\":\"WebPage\",\"@id\":\"https:\\\/\\\/www.bremer-promenaden.de\\\/en\\\/guided-tour-through-the-schnoor-district\\\/\",\"url\":\"https:\\\/\\\/www.bremer-promenaden.de\\\/en\\\/guided-tour-through-the-schnoor-district\\\/\",\"name\":\"Guided tour through the Schnoor district - Bremer Promenaden\",\"isPartOf\":{\"@id\":\"https:\\\/\\\/www.bremer-promenaden.de\\\/#website\"},\"datePublished\":\"2017-05-18T08:21:55+00:00\",\"dateModified\":\"2026-01-07T09:50:28+00:00\",\"description\":\"Bremen's oldest quarter and a world of its own: the Schnoor. We will show you its unique features in Italian, French, English and German.\",\"breadcrumb\":{\"@id\":\"https:\\\/\\\/www.bremer-promenaden.de\\\/en\\\/guided-tour-through-the-schnoor-district\\\/#breadcrumb\"},\"inLanguage\":\"en-US\",\"potentialAction\":[{\"@type\":\"ReadAction\",\"target\":[\"https:\\\/\\\/www.bremer-promenaden.de\\\/en\\\/guided-tour-through-the-schnoor-district\\\/\"]}]},{\"@type\":\"BreadcrumbList\",\"@id\":\"https:\\\/\\\/www.bremer-promenaden.de\\\/en\\\/guided-tour-through-the-schnoor-district\\\/#breadcrumb\",\"itemListElement\":[{\"@type\":\"ListItem\",\"position\":1,\"name\":\"Startseite\",\"item\":\"https:\\\/\\\/www.bremer-promenaden.de\\\/en\\\/\"},{\"@type\":\"ListItem\",\"position\":2,\"name\":\"Guided tour through the Schnoor district\"}]},{\"@type\":\"WebSite\",\"@id\":\"https:\\\/\\\/www.bremer-promenaden.de\\\/#website\",\"url\":\"https:\\\/\\\/www.bremer-promenaden.de\\\/\",\"name\":\"Bremer Promenaden\",\"description\":\"Rundg\u00e4nge durch Bremen und um zu\",\"potentialAction\":[{\"@type\":\"SearchAction\",\"target\":{\"@type\":\"EntryPoint\",\"urlTemplate\":\"https:\\\/\\\/www.bremer-promenaden.de\\\/?s={search_term_string}\"},\"query-input\":{\"@type\":\"PropertyValueSpecification\",\"valueRequired\":true,\"valueName\":\"search_term_string\"}}],\"inLanguage\":\"en-US\"}]}<\/script>\n<!-- \/ Yoast SEO plugin. -->","yoast_head_json":{"title":"Guided tour through the Schnoor district - Bremer Promenaden","description":"Bremen's oldest quarter and a world of its own: the Schnoor. We will show you its unique features in Italian, French, English and German.","robots":{"index":"index","follow":"follow","max-snippet":"max-snippet:-1","max-image-preview":"max-image-preview:large","max-video-preview":"max-video-preview:-1"},"canonical":"https:\/\/www.bremer-promenaden.de\/en\/guided-tour-through-the-schnoor-district\/","og_locale":"en_US","og_type":"article","og_title":"Guided tour through the Schnoor district - Bremer Promenaden","og_description":"Bremen's oldest quarter and a world of its own: the Schnoor. We will show you its unique features in Italian, French, English and German.","og_url":"https:\/\/www.bremer-promenaden.de\/en\/guided-tour-through-the-schnoor-district\/","og_site_name":"Bremer Promenaden","article_modified_time":"2026-01-07T09:50:28+00:00","twitter_card":"summary_large_image","twitter_misc":{"Est. reading time":"4 minutes"},"schema":{"@context":"https:\/\/schema.org","@graph":[{"@type":"WebPage","@id":"https:\/\/www.bremer-promenaden.de\/en\/guided-tour-through-the-schnoor-district\/","url":"https:\/\/www.bremer-promenaden.de\/en\/guided-tour-through-the-schnoor-district\/","name":"Guided tour through the Schnoor district - Bremer Promenaden","isPartOf":{"@id":"https:\/\/www.bremer-promenaden.de\/#website"},"datePublished":"2017-05-18T08:21:55+00:00","dateModified":"2026-01-07T09:50:28+00:00","description":"Bremen's oldest quarter and a world of its own: the Schnoor. We will show you its unique features in Italian, French, English and German.","breadcrumb":{"@id":"https:\/\/www.bremer-promenaden.de\/en\/guided-tour-through-the-schnoor-district\/#breadcrumb"},"inLanguage":"en-US","potentialAction":[{"@type":"ReadAction","target":["https:\/\/www.bremer-promenaden.de\/en\/guided-tour-through-the-schnoor-district\/"]}]},{"@type":"BreadcrumbList","@id":"https:\/\/www.bremer-promenaden.de\/en\/guided-tour-through-the-schnoor-district\/#breadcrumb","itemListElement":[{"@type":"ListItem","position":1,"name":"Startseite","item":"https:\/\/www.bremer-promenaden.de\/en\/"},{"@type":"ListItem","position":2,"name":"Guided tour through the Schnoor district"}]},{"@type":"WebSite","@id":"https:\/\/www.bremer-promenaden.de\/#website","url":"https:\/\/www.bremer-promenaden.de\/","name":"Bremer Promenaden","description":"Rundg\u00e4nge durch Bremen und um zu","potentialAction":[{"@type":"SearchAction","target":{"@type":"EntryPoint","urlTemplate":"https:\/\/www.bremer-promenaden.de\/?s={search_term_string}"},"query-input":{"@type":"PropertyValueSpecification","valueRequired":true,"valueName":"search_term_string"}}],"inLanguage":"en-US"}]}},"jetpack_sharing_enabled":true,"jetpack_shortlink":"https:\/\/wp.me\/P9FEkD-7d","_links":{"self":[{"href":"https:\/\/www.bremer-promenaden.de\/en\/wp-json\/wp\/v2\/pages\/447","targetHints":{"allow":["GET"]}}],"collection":[{"href":"https:\/\/www.bremer-promenaden.de\/en\/wp-json\/wp\/v2\/pages"}],"about":[{"href":"https:\/\/www.bremer-promenaden.de\/en\/wp-json\/wp\/v2\/types\/page"}],"author":[{"embeddable":true,"href":"https:\/\/www.bremer-promenaden.de\/en\/wp-json\/wp\/v2\/users\/1"}],"replies":[{"embeddable":true,"href":"https:\/\/www.bremer-promenaden.de\/en\/wp-json\/wp\/v2\/comments?post=447"}],"version-history":[{"count":26,"href":"https:\/\/www.bremer-promenaden.de\/en\/wp-json\/wp\/v2\/pages\/447\/revisions"}],"predecessor-version":[{"id":3676,"href":"https:\/\/www.bremer-promenaden.de\/en\/wp-json\/wp\/v2\/pages\/447\/revisions\/3676"}],"wp:attachment":[{"href":"https:\/\/www.bremer-promenaden.de\/en\/wp-json\/wp\/v2\/media?parent=447"}],"curies":[{"name":"wp","href":"https:\/\/api.w.org\/{rel}","templated":true}]}}